{"id":766,"date":"2024-05-29T12:59:20","date_gmt":"2024-05-29T12:59:20","guid":{"rendered":"https:\/\/www.deisenhammer.at\/?page_id=766"},"modified":"2024-08-02T11:47:18","modified_gmt":"2024-08-02T11:47:18","slug":"datenschutz","status":"publish","type":"page","link":"https:\/\/www.deisenhammer.at\/de\/datenschutz\/","title":{"rendered":"Datenschutz"},"content":{"rendered":"<p>[et_pb_section fb_built=&#8220;1&#8243; _builder_version=&#8220;4.25.1&#8243; _module_preset=&#8220;default&#8220; global_colors_info=&#8220;{}&#8220;][et_pb_row _builder_version=&#8220;4.27.0&#8243; _module_preset=&#8220;default&#8220; width=&#8220;50%&#8220; width_tablet=&#8220;75%&#8220; width_phone=&#8220;85%&#8220; width_last_edited=&#8220;on|phone&#8220; hover_enabled=&#8220;0&#8243; global_colors_info=&#8220;{}&#8220; sticky_enabled=&#8220;0&#8243;][et_pb_column type=&#8220;4_4&#8243; _builder_version=&#8220;4.25.1&#8243; _module_preset=&#8220;default&#8220; global_colors_info=&#8220;{}&#8220;][et_pb_text _builder_version=&#8220;4.27.0&#8243; _module_preset=&#8220;19da8ece-ad91-4807-81d9-ac269fe05291&#8243; hover_enabled=&#8220;0&#8243; global_colors_info=&#8220;{}&#8220; sticky_enabled=&#8220;0&#8243;]<\/p>\n<p class=\"p1\"><span class=\"s1\" style=\"font-size: xx-large;\"><b>Datenschutzerkl\u00e4rung<\/b><\/span><\/p>\n<p>[\/et_pb_text][et_pb_text _builder_version=&#8220;4.27.0&#8243; _module_preset=&#8220;19da8ece-ad91-4807-81d9-ac269fe05291&#8243; hover_enabled=&#8220;0&#8243; global_colors_info=&#8220;{}&#8220; sticky_enabled=&#8220;0&#8243;]In dieser Datenschutzerkl\u00e4rung erl\u00e4utern wir, die Deisenhammer GmbH (nachfolgend Deisenhammer, wir oder uns), wie wir Personendaten erheben und sonst bearbeiten.<br \/>\nDas ist keine abschlie\u00dfende Beschreibung; allenfalls regeln andere Datenschutzerkl\u00e4rungen (oder allgemeine Gesch\u00e4ftsbedingungen, Teilnahmebedingungen und \u00e4hnliche Dokumente) spezifische Sachverhalte. Unter Personendaten werden alle Angaben verstanden, die sich auf eine bestimmte oder bestimmbare Person beziehen.<br \/>\nWenn Sie uns Personendaten anderer Personen (z.B. Familienmitglieder, Daten von Arbeitskollegen) zur Verf\u00fcgung stellen, stellen Sie bitte sicher, dass diese Personen die vor-liegende Datenschutzerkl\u00e4rung kennen und teilen Sie uns deren Personendaten nur mit, wenn Sie dies d\u00fcrfen und wenn diese Personendaten korrekt sind. <\/p>\n<p>Diese Datenschutzerkl\u00e4rung ist auf die Anforderungen der EU-Datenschutz-Grundverordnung (\u00abDSGVO\u00bb) ausgelegt. Ob und inwieweit diese Gesetze anwendbar sind, h\u00e4ngt jedoch vom Einzelfall ab.[\/et_pb_text][et_pb_text _builder_version=&#8220;4.27.0&#8243; _module_preset=&#8220;19da8ece-ad91-4807-81d9-ac269fe05291&#8243; hover_enabled=&#8220;0&#8243; global_colors_info=&#8220;{}&#8220; sticky_enabled=&#8220;0&#8243;]<\/p>\n<h6>1. Verantwortlicher \/ Datenschutzbeauftrager \/ Vertreter<\/h6>\n<p>Verantwortlich f\u00fcr die Datenbearbeitungen, die wir hier beschreiben, ist Deisenhammer GmbH (Blockstra\u00dfe 5a, 4623 Gunskirchen, \u00d6sterreich). Wenn Sie datenschutzrechtliche Anliegen haben, k\u00f6nnen Sie uns diese an folgende Kontaktadresse mitteilen: [Blockstra\u00dfe 5a, 4623 Gunskirchen, \u00d6sterreich; <a href=\"mailto:compliance@deisenhammer.at\">compliance@deisenhammer.at<\/a>]<\/p>\n<p>[\/et_pb_text][et_pb_text _builder_version=&#8220;4.27.0&#8243; _module_preset=&#8220;19da8ece-ad91-4807-81d9-ac269fe05291&#8243; hover_enabled=&#8220;0&#8243; global_colors_info=&#8220;{}&#8220; sticky_enabled=&#8220;0&#8243;]<\/p>\n<h6>2. Erhebung und Bearbeitung von Personendaten<\/h6>\n<p>Wir bearbeiten in erster Linie die Personendaten, die wir im Rahmen unserer Gesch\u00e4ftsbeziehung mit unseren Kunden und anderen Gesch\u00e4ftspartnern von diesen und weiteren daran beteiligten Personen erhalten oder die wir beim Betrieb unserer Websites, Apps und weiteren Anwendungen von deren Nutzern erheben.<br \/>Soweit dies erlaubt ist, entnehmen wir auch \u00f6ffentlich zug\u00e4nglichen Quellen (z.B. Betreibungsregister, Grundb\u00fccher, Handelsregister, Presse, Internet) gewisse Daten oder erhalten solche von Beh\u00f6rden und sonstigen Dritten (wie z.B. KSV). Nebst den Daten von Ihnen, die Sie uns direkt geben, umfassen die Kategorien von Personendaten, die wir von Dritten \u00fcber Sie erhalten, insbesondere Angaben aus \u00f6ffentlichen Registern, Angaben, die wir im Zusammenhang mit beh\u00f6rdlichen und gerichtlichen Verfahren erfahren, Angaben im Zusammenhang mit Ihren beruflichen Funktionen und Aktivit\u00e4ten (damit wir z.B. mit Ihrer Hilfe Gesch\u00e4fte mit Ihrem Arbeitgeber abschlie\u00dfen und abwickeln k\u00f6nnen), Angaben \u00fcber Sie in Korrespondenz und Besprechungen mit Dritten, Bonit\u00e4tsausk\u00fcnfte (soweit wir mit Ihnen pers\u00f6nlich Gesch\u00e4fte abwickeln),<\/p>\n<p>Angaben \u00fcber Sie, die uns Personen aus Ihrem Umfeld (Familie, Berater, Rechtsvertreter, etc.) geben, damit wir Vertr\u00e4ge mit Ihnen oder unter Einbezug von Ihnen abschlie\u00dfen oder abwickeln k\u00f6nnen (z.B. Referenzen, Ihre Adresse f\u00fcr Lieferungen, Vollmachten, Angaben zur Einhaltung gesetzlicher Vorgaben wie etwa der Geldw\u00e4schereibek\u00e4mpfung und Ex-portrestriktionen, Angaben von Banken, Versicherungen, Vertriebs- und anderen Vertragspartnern von uns zur Inanspruchnahme oder Erbringung von Leistungen durch Sie (z.B. erfolgte Zahlungen, erfolgte K\u00e4ufe)), Angaben aus Medien und Internet zu Ihrer Person (soweit dies im konkreten Fall angezeigt ist, z.B. im Rahmen einer Bewerbung, Presse-schau, Marketing\/Verkauf, etc.), Daten im Zusammenhang mit der Benutzung der Website (z.B. IP-Adresse, MAC-Adresse des Smartphones oder Computers, Angaben zu Ihrem Ge-r\u00e4t und Einstellungen, Cookies).<\/p>\n<p>[\/et_pb_text][et_pb_text _builder_version=&#8220;4.27.0&#8243; _module_preset=&#8220;19da8ece-ad91-4807-81d9-ac269fe05291&#8243; hover_enabled=&#8220;0&#8243; global_colors_info=&#8220;{}&#8220; sticky_enabled=&#8220;0&#8243;]<\/p>\n<h6>3. Zwecke der Datenbearbeitung und Rechtsgrundlagen<\/h6>\n<p>Wir verwenden die von uns erhobenen Personendaten in erster Linie, um unsere Vertr\u00e4ge mit unseren Kunden und Gesch\u00e4ftspartnern abzuschlie\u00dfen und abzuwickeln, so insbesondere mit unseren Kunden und den Einkauf von Produkten und Dienstleistungen von unseren Lieferanten und Subunternehmern, sowie um unseren gesetzlichen Pflichten im In- und Ausland nachzukommen. Wenn Sie f\u00fcr einen solchen Kunden oder Gesch\u00e4ftspartner t\u00e4tig sind, k\u00f6nnen Sie in dieser Funktion mit Ihren Personendaten nat\u00fcrlich ebenfalls davon betroffen sein.<br \/>Dar\u00fcber hinaus bearbeiten wir Personendaten von Ihnen und weiteren Personen, soweit erlaubt und es uns als angezeigt erscheint, auch f\u00fcr folgende Zwecke, an denen wir (und zuweilen auch Dritte) ein dem Zweck entsprechendes berechtigtes Interesse haben:<\/p>\n<ul>\n<li>Angebot und Weiterentwicklung unserer Angebote, Dienstleistungen und Websites, Apps und weiteren Plattformen, auf welchen wir pr\u00e4sent sind;<\/li>\n<li>Kommunikation mit Dritten und Bearbeitung derer Anfragen (z.B. Bewerbungen, Medienanfragen);<\/li>\n<li>Pr\u00fcfung und Optimierung von Verfahren zur Bedarfsanalyse zwecks direkter Kundenansprache sowie Erhebung von Personendaten aus \u00f6ffentlich zug\u00e4nglichen Quellen zwecks Kundenakquisition;<\/li>\n<li>Werbung und Marketing (einschlie\u00dflich Durchf\u00fchrung von Anl\u00e4ssen), soweit Sie der Nutzung Ihrer Daten nicht widersprochen haben (wenn wir Ihnen als bestehender Kunde von uns Werbung zukommen lassen, k\u00f6nnen Sie dem jederzeit widersprechen, wir setzen Sie dann auf eine Sperrliste gegen weitere Werbesendungen);<\/li>\n<li>Geltendmachung rechtlicher Anspr\u00fcche und Verteidigung in Zusammenhang mit rechtlichen Streitigkeiten und beh\u00f6rdlichen Verfahren;<\/li>\n<li>Verhinderung und Aufkl\u00e4rung von Straftaten und sonstigem Fehlverhalten (z.B. Durchf\u00fchrung interner Untersuchungen, Datenanalysen zur Betrugsbek\u00e4mpfung);<\/li>\n<li>Gew\u00e4hrleistungen unseres Betriebs, insbesondere der IT, unserer Websites, Apps und weiteren Plattformen;<\/li>\n<li>Video\u00fcberwachungen zur Wahrung des Hausrechts und sonstige Massnahmen zur IT-, Geb\u00e4ude- und Anlagesicherheit und Schutz unserer Mitarbeiter und weiteren Personen und uns geh\u00f6renden oder anvertrauten Werte (wie z.B. Zutrittskontrollen, Besucherlisten, Netzwerk- und Mailscanner);<\/li>\n<li>Kauf und Verkauf von Gesch\u00e4ftsbereichen, Gesellschaften oder Teilen von Gesellschaften und andere gesellschaftsrechtliche Transaktionen und damit verbunden die \u00dcbertragung von Personendaten sowie Ma\u00dfnahmen zur Gesch\u00e4ftssteuerung und zur Einhaltung gesetzlicher und regulatorischer Verpflichtungen sowie interner Vorschriften von Deisenhammer.<\/li>\n<\/ul>\n<p>Soweit Sie uns eine Einwilligung zur Bearbeitung Ihrer Personaldaten f\u00fcr bestimmte Zwecke erteilt haben (zum Beispiel bei einer Anfrage \u00fcber unser Kontaktformular), bearbeiten wir Ihre Personendaten im Rahmen und gest\u00fctzt auf diese Einwilligung, soweit wir keine andere Rechtsgrundlage haben und wir eine solche ben\u00f6tigen. Eine erteilte Einwilligung kann jederzeit widerrufen werden, was jedoch keine Auswirkung auf bereits erfolgte Datenbearbeitungen hat.<\/p>\n<p>[\/et_pb_text][et_pb_text _builder_version=&#8220;4.27.0&#8243; _module_preset=&#8220;19da8ece-ad91-4807-81d9-ac269fe05291&#8243; hover_enabled=&#8220;0&#8243; global_colors_info=&#8220;{}&#8220; sticky_enabled=&#8220;0&#8243;]<\/p>\n<h6>4. Cookies \/ Tracking und andere Technologien im Zusammenhang mit der Nutzung unserer Website<\/h6>\n<p>Wir setzen auf unseren Websites typischerweise &#8222;Cookies&#8220; und vergleichbare Techniken ein, mit denen Ihr Browser oder Ihr Ger\u00e4t identifiziert werden kann. Ein Cookie ist eine kleine Datei, die an Ihren Computer gesendet bzw. vom verwendeten Webbrowser automatisch auf Ihrem Computer oder mobilen Ger\u00e4t gespeichert wird, wenn Sie unsere Website besuchen. Wenn Sie diese Website erneut aufrufen, k\u00f6nnen wir Sie so wiedererkennen, selbst wenn wir nicht wissen, wer Sie sind. Neben Cookies, die lediglich w\u00e4hrend einer Sitzung benutzt und nach Ihrem Website-Besuch gel\u00f6scht werden (&#8222;Session Cookies&#8220;), k\u00f6nnen Cookies auch benutzt werden, um Nutzereinstellungen und andere Informationen \u00fcber eine bestimmte Zeit (z.B. zwei Jahre) zu speichern (&#8222;permanente Cookies&#8220;). Sie k\u00f6nnen Ihren Browser jedoch so einstellen, dass er Cookies zur\u00fcckweist, nur f\u00fcr eine Sitzung speichert oder sonst vorzeitig l\u00f6scht. Die meisten Browser sind so voreingestellt, dass Sie Cookies akzeptieren. Wenn Sie Cookies sperren, kann es sein, dass gewisse Funktionalit\u00e4ten (wie z.B. Sprachwahl, Warenkorb, Bestellprozesse) nicht mehr funktionieren.<br \/>Wir bauen in unseren Newslettern und sonstigen Marketing-E-Mails teilweise und soweit erlaubt auch sicht- und unsichtbare Bildelemente ein, durch deren Abruf von unseren Servern wir feststellen k\u00f6nnen, ob und wann Sie die E-Mail ge\u00f6ffnet haben, damit wir auch hier messen und besser verstehen k\u00f6nnen, wie Sie unsere Angebote nutzen und sie auf Sie zuschneiden k\u00f6nnen. Sie k\u00f6nnen dies in Ihrem E-Mail-Programm blockieren; die meisten sind so voreingestellt, dass Sie dies tun.<br \/>Mit der Nutzung unserer Websites und der Einwilligung in den Erhalt von Newslettern und anderen Marketing-E-Mails stimmen Sie dem Einsatz dieser Techniken zu. Wollen Sie dies nicht, dann m\u00fcssen Sie Ihren Browser bzw. Ihre E-Mail-Programm entsprechend einstellen.<\/p>\n<p>[\/et_pb_text][et_pb_text _builder_version=&#8220;4.27.0&#8243; _module_preset=&#8220;19da8ece-ad91-4807-81d9-ac269fe05291&#8243; hover_enabled=&#8220;0&#8243; global_colors_info=&#8220;{}&#8220; sticky_enabled=&#8220;0&#8243;]<\/p>\n<h6>5. Datenweitergabe und Daten\u00fcbermittlung ins Ausland<\/h6>\n<p>Wir geben im Rahmen unserer gesch\u00e4ftlichen Aktivit\u00e4ten und der Zwecke gem\u00e4ss Ziff. 3, soweit erlaubt und es uns als angezeigt erscheint, auch Dritten bekannt, sei es, weil sie diese f\u00fcr uns bearbeiten, sei es, weil sie sie f\u00fcr ihre eigenen Zwecke verwenden wollen. Dabei geht es insbesondere um folgende Stellen:<\/p>\n<ul>\n<li>Dienstleister von uns (wie z.B. Banken, Versicherungen), einschlie\u00dflich Auftragsbearbeitern (wie z.B. IT-Provider);<\/li>\n<li>H\u00e4ndler, Lieferanten, Subunternehmer und sonstige Gesch\u00e4ftspartner;<\/li>\n<li>Kunden;<\/li>\n<li>in- und ausl\u00e4ndische Beh\u00f6rden, Amtsstellen oder Gerichten;<\/li>\n<li>Medien;<\/li>\n<li>\u00d6ffentlichkeit, einschlie\u00dflich Besuchern von Websites und sozialer Medien;<\/li>\n<li>Mitbewerber, Branchenorganisationen, Verb\u00e4nde, Organisationen und weitere Gre-mien;<\/li>\n<li>anderen Parteien in m\u00f6glichen oder tats\u00e4chlichen Rechtsverfahren;<\/li>\n<\/ul>\n<p>alle gemeinsam &#8222;Empf\u00e4nger&#8220;.<\/p>\n<p>Diese Empf\u00e4nger sind teilweise im Inland, k\u00f6nnen aber irgendwo auf der Erde sein. Sie m\u00fcssen insbesondere mit der \u00dcbermittlung Ihrer Daten in alle L\u00e4nder rechnen, in denen Deisenhammer durch Gruppengesellschaften, Zweigniederlassungen oder sonstige B\u00fcros vertreten ist (https:\/\/www.deisenhammer.at\/de\/ueber-uns\/) sowie in andere L\u00e4nder Europas und den USA, wo sich die von uns benutzten Dienstleister befinden (wie z.B. Microsoft, Adobe).<br \/>Befindet sich ein Empf\u00e4nger in einem Land ohne angemessenen gesetzlichen Datenschutz, verpflichten wir den Empf\u00e4nger vertraglich zur Einhaltung des anwendbaren Datenschutzes (dazu verwenden wir die revidierten Standardvertragsklauseln der Europ\u00e4ischen Kommission, die hier: https:\/\/eur-lex.europa.eu\/eli\/dec_impl\/2021\/914\/oj? abrufbar sind), soweit er nicht bereits einem gesetzlich anerkannten Regelwerk zur Sicherstellung des Datenschutzes unterliegt und wir uns nicht auf eine Ausnahmebestimmung st\u00fctzen k\u00f6nnen. Eine Ausnahme kann namentlich bei Rechtsverfahren im Ausland gelten, aber auch in F\u00e4llen \u00fcberwiegender \u00f6ffentlicher Interessen oder wenn eine Vertragsabwicklung eine solche Bekanntgabe erfordert, wenn Sie eingewilligt haben oder wenn es sich um von Ihnen allgemein zug\u00e4nglich gemachte Daten handelt, deren Bearbeitung Sie nicht widersprochen haben.<\/p>\n<p>[\/et_pb_text][et_pb_text _builder_version=&#8220;4.27.0&#8243; _module_preset=&#8220;19da8ece-ad91-4807-81d9-ac269fe05291&#8243; hover_enabled=&#8220;0&#8243; global_colors_info=&#8220;{}&#8220; sticky_enabled=&#8220;0&#8243;]<\/p>\n<h6>5.1 Adobe fonts Datenschutzerkl\u00e4rung<\/h6>\n<p>Wir verwenden auf unserer Website Adobe Fonts, ein Webschriftarten-Hosting-Dienst. Dienstanbieter ist das amerikanische Unternehmen Adobe Inc. F\u00fcr den europ\u00e4ischen Raum ist das irische Unternehmen Adobe Systems Software Ireland Companies, 4-6 Riverwalk, Citywest Business Campus, Dublin 24, Irland, verantwortlich.<\/p>\n<p>Adobe verarbeitet Daten von Ihnen u.a. auch in den USA. Adobe ist aktiver Teilnehmer des EU-US Data Privacy Frameworks, wodurch der korrekte und sichere Datentransfer personenbezogener Daten von EU-B\u00fcrgern in die USA geregelt wird. Mehr Informationen dazu finden Sie auf\u00a0<span><a href=\"https:\/\/commission.europa.eu\/document\/fa09cbad-dd7d-4684-ae60-be03fcb0fddf_en\">https:\/\/commission.europa.eu\/document\/fa09cbad-dd7d-4684-ae60-be03fcb0fddf_en<\/a><\/span>.<\/p>\n<p>Zudem verwendet Adobe sogenannte Standardvertragsklauseln (= Art. 46. Abs. 2 und 3 DSGVO). Standardvertragsklauseln (Standard Contractual Clauses \u2013 SCC) sind von der EU-Kommission bereitgestellte Mustervorlagen und sollen sicherstellen, dass Ihre Daten auch dann den europ\u00e4ischen Datenschutzstandards entsprechen, wenn diese in Drittl\u00e4nder (wie beispielsweise in die USA) \u00fcberliefert und dort gespeichert werden. Durch das EU-US Data Privacy Framework und durch die Standardvertragsklauseln verpflichtet sich Adobe, bei der Verarbeitung Ihrer relevanten Daten, das europ\u00e4ische Datenschutzniveau einzuhalten, selbst wenn die Daten in den USA gespeichert, verarbeitet und verwaltet werden. Diese Klauseln basieren auf einem Durchf\u00fchrungsbeschluss der EU-Kommission. Sie finden den Beschluss und die entsprechenden Standardvertragsklauseln u.a. hier:\u00a0<span><a href=\"https:\/\/eur-lex.europa.eu\/eli\/dec_impl\/2021\/914\/oj?locale=de\">https:\/\/eur-lex.europa.eu\/eli\/dec_impl\/2021\/914\/oj?locale=de<\/a><\/span><\/p>\n<p>Mehr Informationen zu den Standardvertragsklauseln bei Adobe finden Sie unter\u00a0<span><a href=\"https:\/\/www.adobe.com\/at\/privacy\/eudatatransfers.html\">https:\/\/www.adobe.com\/at\/privacy\/eudatatransfers.html<\/a><\/span>.<\/p>\n<p>Mehr \u00fcber die Daten, die durch die Verwendung von Adobe Fonts verarbeitet werden, erfahren Sie in der Privacy Policy auf\u00a0<span><a href=\"https:\/\/www.adobe.com\/at\/privacy.html?tid=112805370\">https:\/\/www.adobe.com\/at\/privacy.html<\/a><\/span>.<\/p>\n<p>[\/et_pb_text][et_pb_text _builder_version=&#8220;4.27.0&#8243; _module_preset=&#8220;19da8ece-ad91-4807-81d9-ac269fe05291&#8243; hover_enabled=&#8220;0&#8243; global_colors_info=&#8220;{}&#8220; sticky_enabled=&#8220;0&#8243;]<\/p>\n<h6>6. Dauer der Aufbewahrung von Personendaten<\/h6>\n<p>Wir verarbeiten und speichern Ihre Personendaten, solange es f\u00fcr die Erf\u00fcllung unserer vertraglichen und gesetzlichen Pflichten oder sonst die mit der Bearbeitung verfolgten Zwecke erforderlich ist, d.h. also zum Beispiel f\u00fcr die Dauer der gesamten Gesch\u00e4ftsbeziehung (von der Anbahnung, Abwicklung bis zur Beendigung eines Vertrags) sowie dar\u00fcber hinaus gem\u00e4\u00df den gesetzlichen Aufbewahrungs- und Dokumentationspflichten. Dabei ist es m\u00f6glich, dass Personendaten f\u00fcr die Zeit aufbewahrt werden, in der Anspr\u00fcche gegen unser Unternehmen geltend gemacht werden k\u00f6nnen und soweit wir anderweitig gesetzlich dazu verpflichtet sind oder berechtigte Gesch\u00e4ftsinteressen dies erfordern (z.B. f\u00fcr Beweis- und Dokumentationszwecke). Sobald Ihre Personendaten f\u00fcr die oben genannten Zwecke nicht mehr erforderlich sind, werden sie grunds\u00e4tzlich und soweit m\u00f6glich gel\u00f6scht oder anonymisiert. F\u00fcr betriebliche Daten (z.B. Systemprotokolle, Logs), gelten grunds\u00e4tzliche k\u00fcrzere Aufbewahrungsfristen von zw\u00f6lf Monaten oder weniger.<\/p>\n<p>[\/et_pb_text][et_pb_text _builder_version=&#8220;4.27.0&#8243; _module_preset=&#8220;19da8ece-ad91-4807-81d9-ac269fe05291&#8243; hover_enabled=&#8220;0&#8243; global_colors_info=&#8220;{}&#8220; sticky_enabled=&#8220;0&#8243;]<\/p>\n<h6>7. Datensicherheit<\/h6>\n<p>Wir treffen angemessene technische und organisatorische Sicherheitsvorkehrungen zum Schutz Ihrer Personendaten vor unberechtigtem Zugriff und Missbrauch wie etwa der Erlass von Weisungen, Schulungen, IT- und Netzwerksicherheitsl\u00f6sungen, Verschl\u00fcsselung von Datentr\u00e4gern und \u00dcbermittlungen, Pseudonymisierung, Kontrollen.\u00a0<\/p>\n<p>[\/et_pb_text][et_pb_text _builder_version=&#8220;4.27.0&#8243; _module_preset=&#8220;19da8ece-ad91-4807-81d9-ac269fe05291&#8243; hover_enabled=&#8220;0&#8243; global_colors_info=&#8220;{}&#8220; sticky_enabled=&#8220;0&#8243;]<\/p>\n<h6>8. Pflicht zur Bereitstellung von Personendaten<\/h6>\n<p>Im Rahmen unserer Gesch\u00e4ftsbeziehung m\u00fcssen Sie diejenigen Personendaten bereitstellen, die f\u00fcr die Aufnahme und Durchf\u00fchrung einer Gesch\u00e4ftsbeziehung und der Erf\u00fcllung der damit verbundenen vertraglichen Pflichten erforderlich sind (eine gesetzliche Pflicht, uns Daten bereitzustellen, haben Sie in der Regel nicht). Ohne diese Daten werden wir in der Regel nicht in der Lage sein, einen Vertrag mit Ihnen (oder der Stelle oder Person, die Sie vertreten) zu schlie\u00dfen oder diesen abzuwickeln. Auch die Website kann nicht genutzt werden, wenn gewisse Angaben zur Sicherstellung des Datenverkehrs (wie z.B. IP-Adresse) nicht offengelegt wird.<\/p>\n<p>[\/et_pb_text][et_pb_text _builder_version=&#8220;4.27.0&#8243; _module_preset=&#8220;19da8ece-ad91-4807-81d9-ac269fe05291&#8243; hover_enabled=&#8220;0&#8243; global_colors_info=&#8220;{}&#8220; sticky_enabled=&#8220;0&#8243;]<\/p>\n<h6>9. Rechte der betroffenen Person<\/h6>\n<p>Sie haben im Rahmen des auf Sie anwendbaren Datenschutzrechts und soweit darin vorgesehen (wie etwa im Falle der DSGVO) das Recht auf Auskunft, Berichtigung, L\u00f6schung, das Recht auf Einschr\u00e4nkung der Datenbearbeitung und sonst dem Widerspruch gegen unsere Datenbearbeitungen, sowie auf Herausgabe gewisser Personendaten zwecks \u00dcbertragung an eine andere Stelle (sog. Datenportabilit\u00e4t). Bitte beachten Sie aber, dass wir uns vorbehalten, unsererseits die gesetzlich vorgesehenen Einschr\u00e4nkungen geltend zu machen, etwa wenn wir zur Aufbewahrung oder Bearbeitung gewisser Daten verpflichtet sind, daran ein \u00fcberwiegendes Interesse haben (soweit wir uns darauf berufen d\u00fcrfen) oder sie f\u00fcr die Geltendmachung von Anspr\u00fcchen ben\u00f6tigen. \u00dcber die M\u00f6glichkeit, Ihre Einwilligung zu widerrufen, haben wir bereits in Ziff. 3 informiert. Beachten Sie, dass die Aus\u00fcbung dieser Rechte im Konflikt zu vertraglichen Abmachungen stehen kann und dies Folgen wie z.B. die vorzeitige Vertragsaufl\u00f6sung oder Kostenfolgen haben kann. Wir werden Sie diesfalls vorg\u00e4ngig informieren, wo dies nicht bereits vertraglich geregelt ist.<br \/>Die Aus\u00fcbung solcher Rechte setzt in der Regel voraus, dass Sie Ihre Identit\u00e4t eindeutig nachweisen (z.B. durch eine Ausweiskopie, wo Ihre Identit\u00e4t sonst nicht klar ist bzw. verifiziert werden kann). Zur Geltendmachung Ihrer Rechte k\u00f6nnen Sie uns unter der in Ziffer 1 angegebenen Adresse kontaktieren.<br \/>Jede betroffene Person hat \u00fcberdies das Recht, ihre Anspr\u00fcche gerichtlich durchzusetzen oder bei der zust\u00e4ndigen Datenschutzbeh\u00f6rde eine Beschwerde einzureichen. In \u00d6sterreich ist daf\u00fcr zust\u00e4ndig:<\/p>\n<p><strong>\u00d6sterreichische Datenschutzbeh\u00f6rde<\/strong><br \/>Barichgasse 40-42, 1030 Wien<br \/>Tel: +43 \/ 1 \/ 52 152-0<br \/>Mail: dsb@dsb.gv.at<br \/>https:\/\/dsb.gv.at\/<\/p>\n<p>[\/et_pb_text][et_pb_text _builder_version=&#8220;4.27.0&#8243; _module_preset=&#8220;19da8ece-ad91-4807-81d9-ac269fe05291&#8243; hover_enabled=&#8220;0&#8243; global_colors_info=&#8220;{}&#8220; sticky_enabled=&#8220;0&#8243;]<\/p>\n<h6>10. \u00c4nderungen<\/h6>\n<p>Wir k\u00f6nnen diese Datenschutzerkl\u00e4rung jederzeit ohne Vorank\u00fcndigung anpassen. Es gilt die jeweils aktuelle, auf unserer Website publizierte Fassung. Soweit die Datenschutzerkl\u00e4rung Teil einer Vereinbarung mit Ihnen ist, werden wir Sie im Falle einer Aktualisierung \u00fcber die \u00c4nderung per E-Mail oder auf andere geeignete Weise informieren.<\/p>\n<p>[\/et_pb_text][et_pb_text _builder_version=&#8220;4.27.0&#8243; _module_preset=&#8220;19da8ece-ad91-4807-81d9-ac269fe05291&#8243; hover_enabled=&#8220;0&#8243; global_colors_info=&#8220;{}&#8220; sticky_enabled=&#8220;0&#8243;]<\/p>\n<p><span style=\"color: #999999;\">Basierend auf DSAT.ch; Stand vom 02.08.2024<\/span><\/p>\n<p>[\/et_pb_text][\/et_pb_column][\/et_pb_row][\/et_pb_section]<\/p>\n","protected":false},"excerpt":{"rendered":"<p>Datenschutzerkl\u00e4rungIn dieser Datenschutzerkl\u00e4rung erl\u00e4utern wir, die Deisenhammer GmbH (nachfolgend Deisenhammer, wir oder uns), wie wir Personendaten erheben und sonst bearbeiten. Das ist keine abschlie\u00dfende Beschreibung; allenfalls regeln andere Datenschutzerkl\u00e4rungen (oder allgemeine Gesch\u00e4ftsbedingungen, Teilnahmebedingungen und \u00e4hnliche Dokumente) spezifische Sachverhalte. Unter Personendaten werden alle Angaben verstanden, die sich auf eine bestimmte oder bestimmbare Person beziehen. Wenn Sie [&hellip;]<\/p>\n","protected":false},"author":1,"featured_media":0,"parent":0,"menu_order":0,"comment_status":"closed","ping_status":"closed","template":"","meta":{"_et_pb_use_builder":"on","_et_pb_old_content":"","_et_gb_content_width":"","footnotes":""},"class_list":["post-766","page","type-page","status-publish","hentry"],"aioseo_notices":[],"_links":{"self":[{"href":"https:\/\/www.deisenhammer.at\/de\/wp-json\/wp\/v2\/pages\/766","targetHints":{"allow":["GET"]}}],"collection":[{"href":"https:\/\/www.deisenhammer.at\/de\/wp-json\/wp\/v2\/pages"}],"about":[{"href":"https:\/\/www.deisenhammer.at\/de\/wp-json\/wp\/v2\/types\/page"}],"author":[{"embeddable":true,"href":"https:\/\/www.deisenhammer.at\/de\/wp-json\/wp\/v2\/users\/1"}],"replies":[{"embeddable":true,"href":"https:\/\/www.deisenhammer.at\/de\/wp-json\/wp\/v2\/comments?post=766"}],"version-history":[{"count":3,"href":"https:\/\/www.deisenhammer.at\/de\/wp-json\/wp\/v2\/pages\/766\/revisions"}],"predecessor-version":[{"id":899,"href":"https:\/\/www.deisenhammer.at\/de\/wp-json\/wp\/v2\/pages\/766\/revisions\/899"}],"wp:attachment":[{"href":"https:\/\/www.deisenhammer.at\/de\/wp-json\/wp\/v2\/media?parent=766"}],"curies":[{"name":"wp","href":"https:\/\/api.w.org\/{rel}","templated":true}]}}